{"id":190,"date":"2021-01-11T15:29:05","date_gmt":"2021-01-11T14:29:05","guid":{"rendered":"http:\/\/scaer-couverture.bzh\/?page_id=190"},"modified":"2021-10-19T06:49:31","modified_gmt":"2021-10-19T05:49:31","slug":"mentions-legales","status":"publish","type":"page","link":"https:\/\/scaer-couverture.bzh\/?page_id=190","title":{"rendered":"Mentions l\u00e9gales"},"content":{"rendered":"\n<p>Conform\u00e9ment aux dispositions des articles 6-III et 19 de la Loi n\u00b0 2004-575 du 21 juin 2004 pour la Confiance dans l&rsquo;\u00e9conomie num\u00e9rique, dite L.C.E.N., nous portons \u00e0 la connaissance des utilisateurs et visiteurs du site : <a rel=\"noreferrer noopener\" href=\"http:\/\/www.scaer-couverture.bzh\/\" target=\"_blank\">www.scaer-couverture.bzh<\/a> les informations suivantes :<\/p>\n\n\n\n<hr class=\"wp-block-separator\"\/>\n\n\n\n<p class=\"has-text-align-left\"><strong>\u00c9DITEUR<\/strong><\/p>\n\n\n\n<p>Le site <a href=\"http:\/\/www.google.com\/url?q=http%3A%2F%2Fwww.scaer-couverture.bzh%2F&amp;sa=D&amp;sntz=1&amp;usg=AFQjCNGGkfZM9kB6jXIU-OjOCXmEttNJEA\" target=\"_blank\" rel=\"noreferrer noopener\">www.scaer-couverture.bzh<\/a> est la propri\u00e9t\u00e9 exclusive de <strong>SASU Ma\u00e9va Parent Couverture<\/strong>, qui l&rsquo;\u00e9dite.<\/p>\n\n\n\n<p><strong>Ma\u00e9va Parent Couverture<\/strong><\/p>\n\n\n\n<p><strong>SASU <\/strong>au capital de<strong> 7000 <\/strong>\u20ac<\/p>\n\n\n\n<p>T\u00e9l : <strong>0256041876<\/strong><\/p>\n\n\n\n<p><strong>28 rue Henri Croissant 29390 Sca\u00ebr<\/strong><\/p>\n\n\n\n<p>Immatricul\u00e9e au Registre du Commerce et des Soci\u00e9t\u00e9s de <strong>17-08-2017 <\/strong>sous le num\u00e9ro<strong>83135606800021<\/strong><\/p>\n\n\n\n<p>Num\u00e9ro TVA intracommunautaire :<\/p>\n\n\n\n<p>Adresse de courrier \u00e9lectronique : <strong>mparent@scaer-couverture.bzh<\/strong><\/p>\n\n\n\n<p>Directeur de la publication : <strong>Ma\u00e9va Parent<\/strong><\/p>\n\n\n\n<p>Contactez le responsable de la publication : <strong>Mparent@scaer-couverture.bzh<\/strong><\/p>\n\n\n\n<hr class=\"wp-block-separator\"\/>\n\n\n\n<p><strong>H\u00c9BERGEMENT<\/strong><\/p>\n\n\n\n<p>Le site est h\u00e9berg\u00e9 par OVH<\/p>\n\n\n\n<p><strong>Les traitements relatifs \u00e0 vos donn\u00e9es personnelles<\/strong><\/p>\n\n\n\n<p>Notre site ne demande pas d&rsquo;enregistrement nominatif \u00e0 ses visiteurs et ne proc\u00e8de \u00e0 aucun enregistrement nominatif pour la simple consultation de ses pages.<\/p>\n\n\n\n<p>Cependant, dans certains cas (formulaire de contact, fonctionnalit\u00e9s de partage et modules sociaux, rubrique cr\u00e9ation de compte, paiement en ligne&#8230;), vous pouvez \u00eatre invit\u00e9 \u00e0 laisser des donn\u00e9es personnelles (noms, pr\u00e9noms, num\u00e9ros de t\u00e9l\u00e9phones, adresses postales, adresse \u00e9lectronique\u2026).<\/p>\n\n\n\n<p>Le caract\u00e8re obligatoire ou facultatif des donn\u00e9es vous est signal\u00e9 lors de la collecte par un ast\u00e9risque. Le cas \u00e9ch\u00e9ant, le formulaire de collecte pourra \u00eatre accompagn\u00e9 d&rsquo;une case \u00e0 cocher vous permettant d&rsquo;accepter ou de refuser que vos donn\u00e9es soient utilis\u00e9es \u00e0 des fins commerciales pour le compte de tiers, et\/ou c\u00e9d\u00e9es \u00e0 des tiers et\/ou de recevoir des communications commerciales de l\u2019Annonceur.<\/p>\n\n\n\n<p>Nous ne collectons aucune donn\u00e9e sensible, \u00e0 savoir aucune donn\u00e9e relative \u00e0 vos origines raciales ou ethniques, \u00e0 vos opinions politiques, philosophiques ou religieuses ou votre appartenance syndicale, ou qui sont relatives \u00e0 votre sant\u00e9 ou votre vie sexuelle.<\/p>\n\n\n\n<p><strong>Quand ?<\/strong><\/p>\n\n\n\n<p>Nous collectons vos donn\u00e9es notamment quand :<\/p>\n\n\n\n<ul><li>Vous utilisez notre service (par exemple \u00e0 l\u2019occasion d\u2019une transaction en ligne, d\u2019une prise de rdv\u2026),<\/li><li>Vous utilisez notre formulaire de contact,<\/li><\/ul>\n\n\n\n<p><strong>Quelles finalit\u00e9s ?<\/strong><\/p>\n\n\n\n<p>Nous utilisons vos donn\u00e9es personnelles pour :<\/p>\n\n\n\n<ul><li>Vous contacter en r\u00e9ponse \u00e0 une demande de votre part<\/li><\/ul>\n\n\n\n<p><strong>Destinataires<\/strong><\/p>\n\n\n\n<p>Sont destinataires des donn\u00e9es :<\/p>\n\n\n\n<ul><li>la soci\u00e9t\u00e9 Ma\u00e9va PARENT COUVERTURE,<\/li><\/ul>\n\n\n\n<p>Toute transmission de ces donn\u00e9es \u00e0 des soci\u00e9t\u00e9s tierces est soumise \u00e0 votre consentement pr\u00e9alable.<\/p>\n\n\n\n<p><strong>Dur\u00e9e de conservation<\/strong><\/p>\n\n\n\n<p>Vos donn\u00e9es de contact sont conserv\u00e9es pendant la p\u00e9riode de prise de contact ainsi que pendant la dur\u00e9e n\u00e9cessaire \u00e0 des fins probatoires et de gestion des contentieux.<\/p>\n\n\n\n<p><strong>Vos droits<\/strong><\/p>\n\n\n\n<p>Conform\u00e9ment \u00e0 la loi Informatique et Libert\u00e9s du 6 janvier 1978 modifi\u00e9e, vous disposez de droits d\u2019acc\u00e8s, de rectification, d\u2019effacement, d\u2019opposition au ou de limitation du traitement de vos donn\u00e9es, de retrait de votre consentement.<\/p>\n\n\n\n<p>Vous pouvez exercer ces droits :<\/p>\n\n\n\n<p>Aupr\u00e8s de l\u2019Annonceur en utilisant les coordonn\u00e9es mentionn\u00e9es dans les mentions l\u00e9gales.<\/p>\n\n\n\n<p>Vous avez \u00e9galement le droit d\u2019introduire une r\u00e9clamation \u00e0 notre rencontre aupr\u00e8s de l\u2019autorit\u00e9 de contr\u00f4le.<\/p>\n","protected":false},"excerpt":{"rendered":"<p>Conform\u00e9ment aux dispositions des articles 6-III et 19 de la Loi n\u00b0 2004-575 du 21 juin 2004 pour la Confiance dans l&rsquo;\u00e9conomie num\u00e9rique, dite L.C.E.N., nous portons \u00e0 la connaissance des utilisateurs et visiteurs du site : www.scaer-couverture.bzh les informations<\/p>\n","protected":false},"author":1,"featured_media":0,"parent":0,"menu_order":0,"comment_status":"closed","ping_status":"closed","template":"","meta":[],"_links":{"self":[{"href":"https:\/\/scaer-couverture.bzh\/index.php?rest_route=\/wp\/v2\/pages\/190"}],"collection":[{"href":"https:\/\/scaer-couverture.bzh\/index.php?rest_route=\/wp\/v2\/pages"}],"about":[{"href":"https:\/\/scaer-couverture.bzh\/index.php?rest_route=\/wp\/v2\/types\/page"}],"author":[{"embeddable":true,"href":"https:\/\/scaer-couverture.bzh\/index.php?rest_route=\/wp\/v2\/users\/1"}],"replies":[{"embeddable":true,"href":"https:\/\/scaer-couverture.bzh\/index.php?rest_route=%2Fwp%2Fv2%2Fcomments&post=190"}],"version-history":[{"count":3,"href":"https:\/\/scaer-couverture.bzh\/index.php?rest_route=\/wp\/v2\/pages\/190\/revisions"}],"predecessor-version":[{"id":219,"href":"https:\/\/scaer-couverture.bzh\/index.php?rest_route=\/wp\/v2\/pages\/190\/revisions\/219"}],"wp:attachment":[{"href":"https:\/\/scaer-couverture.bzh\/index.php?rest_route=%2Fwp%2Fv2%2Fmedia&parent=190"}],"curies":[{"name":"wp","href":"https:\/\/api.w.org\/{rel}","templated":true}]}}